{"id":572,"date":"2021-06-18T06:33:33","date_gmt":"2021-06-18T06:33:33","guid":{"rendered":"https:\/\/escolabressolelcau.com\/home\/"},"modified":"2022-10-04T18:30:28","modified_gmt":"2022-10-04T18:30:28","slug":"home","status":"publish","type":"page","link":"https:\/\/escolabressolelcau.com\/de\/","title":{"rendered":"El Cau-Kindergarten"},"content":{"rendered":"<div style=\"height:90px\" aria-hidden=\"true\" class=\"wp-block-spacer\"><\/div>\n\n\n\n<div class=\"wp-block-cover alignfull\" style=\"padding-top:33px;padding-right:33px;padding-bottom:33px;padding-left:33px;min-height:559px;aspect-ratio:unset;\"><span aria-hidden=\"true\" class=\"wp-block-cover__background has-ast-global-color-7-background-color has-background-dim-70 has-background-dim\"><\/span><img loading=\"lazy\" decoding=\"async\" width=\"2560\" height=\"1920\" class=\"wp-block-cover__image-background wp-image-931\" alt=\"\" src=\"https:\/\/escolabressolelcau.com\/wp-content\/uploads\/2022\/09\/escola-bressol-el-cau-foto-scaled.jpg\" data-object-fit=\"cover\" srcset=\"https:\/\/escolabressolelcau.com\/wp-content\/uploads\/2022\/09\/escola-bressol-el-cau-foto-scaled.jpg 2560w, https:\/\/escolabressolelcau.com\/wp-content\/uploads\/2022\/09\/escola-bressol-el-cau-foto-300x225.jpg 300w, https:\/\/escolabressolelcau.com\/wp-content\/uploads\/2022\/09\/escola-bressol-el-cau-foto-1024x768.jpg 1024w, https:\/\/escolabressolelcau.com\/wp-content\/uploads\/2022\/09\/escola-bressol-el-cau-foto-768x576.jpg 768w, https:\/\/escolabressolelcau.com\/wp-content\/uploads\/2022\/09\/escola-bressol-el-cau-foto-1536x1152.jpg 1536w, https:\/\/escolabressolelcau.com\/wp-content\/uploads\/2022\/09\/escola-bressol-el-cau-foto-2048x1536.jpg 2048w\" sizes=\"auto, (max-width: 2560px) 100vw, 2560px\" \/><div class=\"wp-block-cover__inner-container is-layout-flow wp-block-cover-is-layout-flow\">\n<h1 class=\"has-text-align-center has-ast-global-color-2-color has-text-color wp-block-heading\" id=\"inici\">KINDERGARTEN EL CAU<\/h1>\n\n\n\n<div class=\"wp-block-columns alignwide are-vertically-aligned-center is-layout-flex wp-container-core-columns-is-layout-28f84493 wp-block-columns-is-layout-flex\">\n<div class=\"wp-block-column is-vertically-aligned-center is-layout-flow wp-block-column-is-layout-flow\"><\/div>\n\n\n\n<div class=\"wp-block-column is-vertically-aligned-center is-layout-flow wp-block-column-is-layout-flow\">\n<hr class=\"wp-block-separator has-text-color has-ast-global-color-0-color has-css-opacity has-ast-global-color-0-background-color has-background is-style-wide\"\/>\n\n\n\n<h5 class=\"has-text-align-right has-ast-global-color-2-color has-text-color wp-block-heading\">Es ist wichtig, dass das Kind in unserer Schule zwischen Umarmungen, Liebkosungen, K\u00fcssen und Lachen gl\u00fccklich ist.<\/h5>\n\n\n\n<p><\/p>\n\n\n\n<p class=\"has-text-align-right has-ast-global-color-3-color has-text-color\"><strong>Jedes Kind und jede Familie ist einzigartig. Wir passen uns ihren Routinen und Gewohnheiten an. Nach den gleichen Br\u00e4uchen ist alles einfacher!<br><\/strong><\/p>\n<\/div>\n<\/div>\n\n\n\n<div class=\"wp-block-soliloquy-soliloquywp\"><div class=\"soliloquy-outer-container soliloquy-carousel\" data-soliloquy-loaded=\"0\"><div aria-live=\"polite\" id=\"soliloquy-container-950\" class=\"soliloquy-container soliloquy-transition-horizontal soliloquy-slide-horizontal soliloquy-controls-active soliloquy-arrows-active  soliloquy-theme-base no-js\" style=\"max-width:960px;margin:0 auto 20px;max-width:100%;max-height:none;\"><ul id=\"soliloquy-950\" class=\"soliloquy-slider soliloquy-slides soliloquy-wrap soliloquy-clear\"><li aria-hidden=\"true\" class=\"soliloquy-item soliloquy-item-1 soliloquy-id-950-fraseshome soliloquy-html-slide\" draggable=\"false\" style=\"list-style:none;\"><div class=\"soliloquy-html-sentinel soliloquy-clear\" style=\"position:static;display:block;visibility:hidden;z-index:-10000;top:0;left:0;width:100%;height:300px;\"><div class=\"soliloquy-html-content soliloquy-clear\"><p style=\"color:#000;font-size:21px\"><strong>Wir sind alle eine Familie.<\/strong><\/p><\/div><\/div><\/li><li aria-hidden=\"true\" class=\"soliloquy-item soliloquy-item-2 soliloquy-id-950-fraseshome2 soliloquy-html-slide\" draggable=\"false\" style=\"list-style:none;\"><div class=\"soliloquy-html-sentinel soliloquy-clear\" style=\"position:static;display:block;visibility:hidden;z-index:-10000;top:0;left:0;width:100%;height:300px;\"><div class=\"soliloquy-html-content soliloquy-clear\"><p style=\"color:#000;font-size:21px\"><strong>Kleine Gruppen helfen uns, uns besser kennenzulernen. Einzelarbeit ist an unserer Schule von grundlegender Bedeutung.<\/strong><\/p><\/div><\/div><\/li><li aria-hidden=\"true\" class=\"soliloquy-item soliloquy-item-3 soliloquy-id-950-fraseshome3 soliloquy-html-slide\" draggable=\"false\" style=\"list-style:none;\"><div class=\"soliloquy-html-sentinel soliloquy-clear\" style=\"position:static;display:block;visibility:hidden;z-index:-10000;top:0;left:0;width:100%;height:300px;\"><div class=\"soliloquy-html-content soliloquy-clear\"><p style=\"color:#000;font-size:21px\"><strong>Wir bieten einen offenen und freien, ruhigen, anregenden und einladenden Raum, um Kindern die M\u00f6glichkeit zu geben, spielerisch zu wachsen und zu lernen.<\/strong><\/p><\/div><\/div><\/li><\/ul><\/div><noscript><div class=\"soliloquy-no-js\" style=\"display:none;visibility:hidden;height:0;line-height:0;opacity:0;\"><\/div><\/noscript><\/div><\/div>\n<\/div><\/div>\n\n\n\n<div style=\"height:55px\" aria-hidden=\"true\" class=\"wp-block-spacer\"><\/div>\n\n\n\n<figure class=\"wp-block-embed is-type-video is-provider-youtube wp-block-embed-youtube wp-embed-aspect-16-9 wp-has-aspect-ratio\"><div class=\"wp-block-embed__wrapper\">\n<div class=\"ast-oembed-container\" style=\"height: 100%;\"><iframe loading=\"lazy\" title=\"VIDEOPR\u00c4SENTATION CAU\" width=\"500\" height=\"281\" src=\"https:\/\/www.youtube.com\/embed\/V_43D0uRGAI?feature=oembed\" frameborder=\"0\" allow=\"accelerometer; autoplay; clipboard-write; encrypted-media; gyroscope; picture-in-picture; web-share\" referrerpolicy=\"strict-origin-when-cross-origin\" allowfullscreen><\/iframe><\/div>\n<\/div><\/figure>\n\n\n\n<div style=\"height:55px\" aria-hidden=\"true\" class=\"wp-block-spacer\"><\/div>\n\n\n\n<div class=\"inherit-container-width wp-block-group alignfull has-ast-global-color-5-background-color has-background is-layout-constrained wp-block-group-is-layout-constrained\"><div class=\"wp-block-group__inner-container\">\n<h2 class=\"has-text-align-center wp-block-heading\" id=\"alimentacio\">LEBENSMITTEL<\/h2>\n\n\n\n<hr class=\"wp-block-separator has-text-color has-ast-global-color-0-color has-css-opacity has-ast-global-color-0-background-color has-background aligncenter\"\/>\n\n\n\n<p class=\"has-text-align-center\">Unsere K\u00f6chin Alba, mit gro\u00dfer Leidenschaft f\u00fcr das Kochen, versorgt uns mit einer gesunden, ausgewogenen und zuckerfreien Ern\u00e4hrung, die an jedes Schulkind angepasst ist.<\/p>\n\n\n\n<p class=\"has-text-align-center\"><strong>F\u00fcr uns ist es wichtig, die Essgewohnheiten und -gewohnheiten aller Familien zu respektieren und das Mittagessen zu einem Moment der Empfindungen, Emotionen und des Lernens zu machen<\/strong><\/p>\n<\/div><\/div>\n\n\n\n<div class=\"wp-block-cover alignfull is-light has-parallax\" style=\"background-image:url(https:\/\/escolabressolelcau.com\/wp-content\/uploads\/2022\/07\/cama-montesori.jpg);min-height:600px;aspect-ratio:unset;\"><span aria-hidden=\"true\" class=\"wp-block-cover__background has-ast-global-color-5-background-color has-background-dim-0 has-background-dim\"><\/span><div class=\"wp-block-cover__inner-container is-layout-flow wp-block-cover-is-layout-flow\">\n<div class=\"wp-block-media-text has-media-on-the-right is-stacked-on-mobile is-vertically-aligned-center\"><figure class=\"wp-block-media-text__media\"><\/figure><div class=\"wp-block-media-text__content\">\n<div class=\"inherit-container-width wp-block-group has-ast-global-color-5-background-color has-background is-layout-constrained wp-container-core-group-is-layout-071e8d20 wp-block-group-is-layout-constrained\" style=\"padding-top:33px;padding-right:33px;padding-bottom:33px;padding-left:33px\"><div class=\"wp-block-group__inner-container\">\n<h2 class=\"has-text-align-center has-ast-global-color-2-color has-text-color wp-block-heading\" id=\"descans\">SICH AUSRUHEN<\/h2>\n\n\n\n<hr class=\"wp-block-separator has-text-color has-ast-global-color-0-color has-css-opacity has-ast-global-color-0-background-color has-background aligncenter\"\/>\n\n\n\n<p class=\"has-ast-global-color-2-color has-text-color\">Ruhe ist wichtig, besonders in der Kindheit. Ein ausgeruhtes Kind ist ein gl\u00fcckliches Kind, verbunden mit seiner Umgebung und offen daf\u00fcr, mit allem um sich herum zu lernen und zu spielen.<\/p>\n\n\n\n<h5 class=\"has-ast-global-color-2-color has-text-color wp-block-heading\">Jedes Kind ist einzigartig und daher muss jede Pause einzigartig sein und respektiert werden.<\/h5>\n\n\n\n<figure class=\"wp-block-image size-full uag-hide-desktop uag-hide-desktop\"><img loading=\"lazy\" decoding=\"async\" width=\"719\" height=\"720\" src=\"https:\/\/escolabressolelcau.com\/wp-content\/uploads\/2022\/07\/DESCANS-edited.jpg\" alt=\"\" class=\"wp-image-839\" srcset=\"https:\/\/escolabressolelcau.com\/wp-content\/uploads\/2022\/07\/DESCANS-edited.jpg 719w, https:\/\/escolabressolelcau.com\/wp-content\/uploads\/2022\/07\/DESCANS-edited-300x300.jpg 300w, https:\/\/escolabressolelcau.com\/wp-content\/uploads\/2022\/07\/DESCANS-edited-150x150.jpg 150w\" sizes=\"auto, (max-width: 719px) 100vw, 719px\" \/><\/figure>\n\n\n\n<p class=\"has-ast-global-color-2-color has-text-color\">In unserer Schule bieten wir Kindern Montessori-Betten an. Betten, die in Reichweite der Kinder sind und die viele Umarmungen, Liebkosungen, Worte und Lieder im Ohr und K\u00fcsse bei einem so wichtigen Moment wie dem Schlaf zulassen. Momente der Gemeinschaft f\u00fcr diejenigen, die es vor dem Schlafengehen brauchen, und ruhiges Erwachen, begleitet von Umarmungen mit einem &quot;Guten Morgen&quot;.<\/p>\n<\/div><\/div>\n<\/div><\/div>\n\n\n\n<p><\/p>\n<\/div><\/div>\n\n\n\n<div style=\"height:33px\" aria-hidden=\"true\" class=\"wp-block-spacer\"><\/div>\n\n\n\n<h5 class=\"has-text-align-center wp-block-heading\">An unserer Schule ist es wichtig, die Gewohnheiten jedes Kindes zu respektieren<br>und verderben &quot;die Pause&quot; in der Schule.<\/h5>\n\n\n\n<div class=\"inherit-container-width wp-block-group alignfull has-ast-global-color-5-background-color has-background is-layout-constrained wp-block-group-is-layout-constrained\"><div class=\"wp-block-group__inner-container\">\n<h2 class=\"has-text-align-center wp-block-heading\" id=\"exterior\">DIE AUSSENSEITE<\/h2>\n\n\n\n<hr class=\"wp-block-separator has-text-color has-ast-global-color-0-color has-css-opacity has-ast-global-color-0-background-color has-background aligncenter\"\/>\n\n\n\n<p class=\"has-text-align-center\">Wir betrachten den Au\u00dfenbereich unserer Schule als einen Ort mit vielen Bildungsangeboten, an dem Kinder mit abwechslungsreichem, fantasievollem und kreativem Spiel bereichert werden, das sie auch zur N\u00e4he zur Natur einl\u00e4dt.<\/p>\n\n\n\n<div class=\"wp-block-media-text alignwide has-media-on-the-right is-stacked-on-mobile\"><figure class=\"wp-block-media-text__media\"><img loading=\"lazy\" decoding=\"async\" width=\"1024\" height=\"768\" src=\"https:\/\/escolabressolelcau.com\/wp-content\/uploads\/2022\/08\/EXTERIOR.jpg\" alt=\"\" class=\"wp-image-858 size-full\" srcset=\"https:\/\/escolabressolelcau.com\/wp-content\/uploads\/2022\/08\/EXTERIOR.jpg 1024w, https:\/\/escolabressolelcau.com\/wp-content\/uploads\/2022\/08\/EXTERIOR-300x225.jpg 300w, https:\/\/escolabressolelcau.com\/wp-content\/uploads\/2022\/08\/EXTERIOR-768x576.jpg 768w\" sizes=\"auto, (max-width: 1024px) 100vw, 1024px\" \/><\/figure><div class=\"wp-block-media-text__content\">\n<p>Es gibt ihnen einen Raum, um aktiv zu sein, sich spontan zu bewegen, sich frei zu f\u00fchlen und etwas \u00fcber sich selbst zu lernen. Sie k\u00f6nnen rennen, springen, klettern, rollen ... lernen Sie ihren K\u00f6rper kennen!<\/p>\n\n\n\n<h5 class=\"wp-block-heading\">An unserer Schule sind wir immer bereit f\u00fcr einen neuen Tag...<\/h5>\n\n\n\n<p>Das Wetter hilft uns, unseren geliebten Au\u00dfenbereich auf unterschiedliche Weise zu genie\u00dfen!<\/p>\n<\/div><\/div>\n\n\n\n<div class=\"wp-block-columns alignwide are-vertically-aligned-center is-layout-flex wp-container-core-columns-is-layout-2691f033 wp-block-columns-is-layout-flex\" style=\"padding-top:11px;padding-right:11px;padding-bottom:11px;padding-left:11px\">\n<div class=\"wp-block-column is-vertically-aligned-center is-layout-flow wp-block-column-is-layout-flow\">\n<figure class=\"wp-block-image size-full\"><img loading=\"lazy\" decoding=\"async\" width=\"768\" height=\"1024\" src=\"https:\/\/escolabressolelcau.com\/wp-content\/uploads\/2022\/07\/FOTO-10.2.jpg\" alt=\"\" class=\"wp-image-744\" srcset=\"https:\/\/escolabressolelcau.com\/wp-content\/uploads\/2022\/07\/FOTO-10.2.jpg 768w, https:\/\/escolabressolelcau.com\/wp-content\/uploads\/2022\/07\/FOTO-10.2-225x300.jpg 225w\" sizes=\"auto, (max-width: 768px) 100vw, 768px\" \/><\/figure>\n\n\n\n<hr class=\"wp-block-separator has-text-color has-ast-global-color-0-color has-css-opacity has-ast-global-color-0-background-color has-background is-style-wide\"\/>\n\n\n\n<p>Es regnet? Wir ziehen Regenm\u00e4ntel und Wasserstiefel an, um den Regen zu ber\u00fchren und zu sp\u00fcren!<\/p>\n<\/div>\n\n\n\n<div class=\"wp-block-column is-vertically-aligned-center is-layout-flow wp-block-column-is-layout-flow\">\n<figure class=\"wp-block-image size-full\"><img loading=\"lazy\" decoding=\"async\" width=\"1200\" height=\"1600\" src=\"https:\/\/escolabressolelcau.com\/wp-content\/uploads\/2022\/08\/fred-edited.jpg\" alt=\"\" class=\"wp-image-861\" srcset=\"https:\/\/escolabressolelcau.com\/wp-content\/uploads\/2022\/08\/fred-edited.jpg 1200w, https:\/\/escolabressolelcau.com\/wp-content\/uploads\/2022\/08\/fred-edited-225x300.jpg 225w, https:\/\/escolabressolelcau.com\/wp-content\/uploads\/2022\/08\/fred-edited-768x1024.jpg 768w, https:\/\/escolabressolelcau.com\/wp-content\/uploads\/2022\/08\/fred-edited-1152x1536.jpg 1152w\" sizes=\"auto, (max-width: 1200px) 100vw, 1200px\" \/><\/figure>\n\n\n\n<hr class=\"wp-block-separator has-text-color has-ast-global-color-0-color has-css-opacity has-ast-global-color-0-background-color has-background is-style-wide\"\/>\n\n\n\n<p>Es ist kalt? Wir w\u00e4rmen uns auf und entdecken, dass wir eine gute Zeit haben k\u00f6nnen, wenn wir warm und in Bewegung sind!<\/p>\n<\/div>\n\n\n\n<div class=\"wp-block-column is-vertically-aligned-center is-layout-flow wp-block-column-is-layout-flow\">\n<figure class=\"wp-block-image size-full\"><img loading=\"lazy\" decoding=\"async\" width=\"768\" height=\"1024\" src=\"https:\/\/escolabressolelcau.com\/wp-content\/uploads\/2022\/08\/calor.-escola-bressol-el-cau.jpg\" alt=\"\" class=\"wp-image-860\" srcset=\"https:\/\/escolabressolelcau.com\/wp-content\/uploads\/2022\/08\/calor.-escola-bressol-el-cau.jpg 768w, https:\/\/escolabressolelcau.com\/wp-content\/uploads\/2022\/08\/calor.-escola-bressol-el-cau-225x300.jpg 225w\" sizes=\"auto, (max-width: 768px) 100vw, 768px\" \/><\/figure>\n\n\n\n<hr class=\"wp-block-separator has-text-color has-ast-global-color-0-color has-css-opacity has-ast-global-color-0-background-color has-background is-style-wide\"\/>\n\n\n\n<p>Es ist hei\u00df? Wie w\u00e4re es, wenn wir unsere Schuhe ausziehen oder uns bei Wasserspielen abk\u00fchlen?<\/p>\n<\/div>\n<\/div>\n\n\n\n<div class=\"wp-block-columns alignwide is-layout-flex wp-container-core-columns-is-layout-28f84493 wp-block-columns-is-layout-flex\">\n<div class=\"wp-block-column is-layout-flow wp-block-column-is-layout-flow\">\n<p>Wir lieben unseren Hof! Wir werden zu gro\u00dfen Malern und schm\u00fccken ihre W\u00e4nde mit Gem\u00e4lden in vielen Farben. Wir f\u00fcllen ihn mit Leben und Farbe mit vielen Blumen, die wir jeden Tag mit Liedern und Wasser verw\u00f6hnen.<\/p>\n<\/div>\n\n\n\n<div class=\"wp-block-column is-layout-flow wp-block-column-is-layout-flow\">\n<p>Lasst uns auch Bauern sein! Wir k\u00fcmmern uns um unseren kleinen Zitronen- und Orangenbaum und pflanzen Erdbeeren, Karotten, Tomaten in unserem Garten ... was wir jede Woche beobachten und pflegen.<\/p>\n<\/div>\n<\/div>\n\n\n\n<p class=\"has-text-align-center\">Unsere Au\u00dfenterrasse bringt uns der Natur n\u00e4her. Es erlaubt uns, mit Steinen, \u00c4sten, Bl\u00e4ttern,<br> die Blumen riechen, die K\u00e4lte und die Hitze sp\u00fcren, den Regen...<\/p>\n\n\n\n<h5 class=\"has-text-align-center wp-block-heading\">Drau\u00dfen sp\u00fcren wir ein Gef\u00fchl von Freiheit, von Leben, von Genuss! f\u00fchle die Sonne,<br> Luft, K\u00e4lte und W\u00e4rme lassen uns frei und lebendig f\u00fchlen!<\/h5>\n<\/div><\/div>\n\n\n\n<div class=\"inherit-container-width wp-block-group alignfull has-ast-global-color-5-background-color has-background is-layout-constrained wp-block-group-is-layout-constrained\"><div class=\"wp-block-group__inner-container\">\n<div class=\"wp-block-media-text alignwide has-media-on-the-right is-stacked-on-mobile\"><figure class=\"wp-block-media-text__media\"><img loading=\"lazy\" decoding=\"async\" width=\"1024\" height=\"768\" src=\"https:\/\/escolabressolelcau.com\/wp-content\/uploads\/2022\/08\/IOGA.jpg\" alt=\"\" class=\"wp-image-849 size-full\" srcset=\"https:\/\/escolabressolelcau.com\/wp-content\/uploads\/2022\/08\/IOGA.jpg 1024w, https:\/\/escolabressolelcau.com\/wp-content\/uploads\/2022\/08\/IOGA-300x225.jpg 300w, https:\/\/escolabressolelcau.com\/wp-content\/uploads\/2022\/08\/IOGA-768x576.jpg 768w\" sizes=\"auto, (max-width: 1024px) 100vw, 1024px\" \/><\/figure><div class=\"wp-block-media-text__content\">\n<h2 class=\"has-text-align-center has-ast-global-color-2-color has-text-color wp-block-heading\" id=\"ioga\">YOGA<\/h2>\n\n\n\n<hr class=\"wp-block-separator has-text-color has-ast-global-color-0-color has-css-opacity has-ast-global-color-0-background-color has-background aligncenter\"\/>\n\n\n\n<p class=\"has-ast-global-color-3-color has-text-color\">Wir bringen die Schule Yoga n\u00e4her, indem wir den Kindern Entspannung, Ruhe, Aufmerksamkeit und Bewusstsein und Umgang mit ihren eigenen Emotionen bieten. Yoga erm\u00f6glicht es Ihnen, Ihren eigenen K\u00f6rper zu kennen.<\/p>\n\n\n\n<p><strong>&quot;Aufh\u00f6ren, um f\u00fchlen, reflektieren und atmen zu k\u00f6nnen&quot;<\/strong><\/p>\n<\/div><\/div>\n<\/div><\/div>\n\n\n\n<section class=\"wp-block-group alignfull has-ast-global-color-0-background-color has-background is-layout-constrained wp-container-core-group-is-layout-73c07e67 wp-block-group-is-layout-constrained\">\n<h2 class=\"has-text-align-center has-ast-global-color-4-color has-text-color wp-block-heading\" id=\"equip\">LEHRTEAM<\/h2>\n\n\n\n<hr class=\"wp-block-separator has-text-color has-ast-global-color-0-color has-css-opacity has-ast-global-color-0-background-color has-background aligncenter\"\/>\n\n\n\n<h3 class=\"has-text-align-center has-ast-global-color-4-color has-text-color wp-block-heading\">Lebendige, aktive, vertr\u00e4umte und inspirierende Gruppe mit einem einzigen Ziel\u2026<br>Lass das Kind gl\u00fccklich sein!<\/h3>\n<\/section>\n\n\n\n<div class=\"inherit-container-width wp-block-group alignfull is-layout-constrained wp-block-group-is-layout-constrained\"><div class=\"wp-block-group__inner-container\">\n<h2 class=\"has-text-align-center wp-block-heading\">Zusammenarbeit,<br>Der Schl\u00fcssel<br>ber\u00fchren<br>Der Himmel !<\/h2>\n<\/div><\/div>","protected":false},"excerpt":{"rendered":"<p>ERN\u00c4HRUNG Unsere K\u00f6chin Alba, mit gro\u00dfer Leidenschaft f\u00fcr das Kochen, versorgt uns in der Schule mit einer gesunden, ausgewogenen und zuckerfreien Ern\u00e4hrung, die an jedes Kind angepasst ist. F\u00fcr uns ist es wichtig, die Essgewohnheiten und -br\u00e4uche aller Familien zu respektieren und das Mittagessen zu einem Moment der Empfindungen, Emotionen und des Lernens zu machen. A la...<\/p>\n<p class=\"read-more\"> <a class=\"\" href=\"https:\/\/escolabressolelcau.com\/de\/\"> <span class=\"screen-reader-text\">El Cau-Kindergarten<\/span> Weiterlesen &quot;<\/a><\/p>","protected":false},"author":1,"featured_media":0,"parent":0,"menu_order":0,"comment_status":"closed","ping_status":"closed","template":"","meta":{"_uag_custom_page_level_css":"","site-sidebar-layout":"no-sidebar","site-content-layout":"plain-container","ast-global-header-display":"","ast-main-header-display":"","ast-hfb-above-header-display":"","ast-hfb-below-header-display":"","ast-hfb-mobile-header-display":"","site-post-title":"disabled","ast-breadcrumbs-content":"disabled","ast-featured-img":"disabled","footer-sml-layout":"","theme-transparent-header-meta":"enabled","adv-header-id-meta":"","stick-header-meta":"","header-above-stick-meta":"","header-main-stick-meta":"","header-below-stick-meta":"","footnotes":""},"class_list":["post-572","page","type-page","status-publish","hentry"],"uagb_featured_image_src":{"full":false,"thumbnail":false,"medium":false,"medium_large":false,"large":false,"1536x1536":false,"2048x2048":false,"trp-custom-language-flag":false},"uagb_author_info":{"display_name":"admin","author_link":"https:\/\/escolabressolelcau.com\/de\/author\/antmotion\/"},"uagb_comment_info":0,"uagb_excerpt":"ALIMENTACI\u00d3 La nostra cuinera, l&#8217;Alba, amb una gran vocaci\u00f3 per la cuina, ens proporciona una dieta sana, equilibrada i lliure de sucres adaptada a cada nen-a de l&#8217;escola. \u00c9s primordial, per nosaltres, respectar les rutines i costums alimentaris de totes les fam\u00edlies i fer del dinar un moment de sensacions, emocions i aprenentatges A la&hellip;","_links":{"self":[{"href":"https:\/\/escolabressolelcau.com\/de\/wp-json\/wp\/v2\/pages\/572","targetHints":{"allow":["GET"]}}],"collection":[{"href":"https:\/\/escolabressolelcau.com\/de\/wp-json\/wp\/v2\/pages"}],"about":[{"href":"https:\/\/escolabressolelcau.com\/de\/wp-json\/wp\/v2\/types\/page"}],"author":[{"embeddable":true,"href":"https:\/\/escolabressolelcau.com\/de\/wp-json\/wp\/v2\/users\/1"}],"replies":[{"embeddable":true,"href":"https:\/\/escolabressolelcau.com\/de\/wp-json\/wp\/v2\/comments?post=572"}],"version-history":[{"count":108,"href":"https:\/\/escolabressolelcau.com\/de\/wp-json\/wp\/v2\/pages\/572\/revisions"}],"predecessor-version":[{"id":984,"href":"https:\/\/escolabressolelcau.com\/de\/wp-json\/wp\/v2\/pages\/572\/revisions\/984"}],"wp:attachment":[{"href":"https:\/\/escolabressolelcau.com\/de\/wp-json\/wp\/v2\/media?parent=572"}],"curies":[{"name":"wp","href":"https:\/\/api.w.org\/{rel}","templated":true}]}}